{"id":36743,"date":"2024-01-29T11:06:40","date_gmt":"2024-01-29T10:06:40","guid":{"rendered":"https:\/\/www.centroinnova.net\/oposicions-administratiu-generalitat-catalunya\/"},"modified":"2024-03-11T21:39:35","modified_gmt":"2024-03-11T20:39:35","slug":"oposicions-administratiu-generalitat-catalunya","status":"publish","type":"page","link":"https:\/\/www.centroinnova.net\/ca\/oposicions-administratiu-generalitat-catalunya\/","title":{"rendered":"Oposicions Administratiu Generalitat Catalunya"},"content":{"rendered":"<p>[et_pb_section fb_built=&#8221;1&#8243; custom_padding_last_edited=&#8221;on|desktop&#8221; _builder_version=&#8221;4.24.2&#8243; _module_preset=&#8221;default&#8221; background_image=&#8221;https:\/\/www.centroinnova.net\/wp-content\/uploads\/2024\/03\/Administrativo-Generalitat-.png&#8221; custom_padding=&#8221;150px||375px||false|false&#8221; custom_padding_tablet=&#8221;150px||350px||false|false&#8221; custom_padding_phone=&#8221;50px||100px||false|false&#8221; global_colors_info=&#8221;{}&#8221;][et_pb_row _builder_version=&#8221;4.16&#8243; _module_preset=&#8221;default&#8221; width_tablet=&#8221;&#8221; width_phone=&#8221;90%&#8221; width_last_edited=&#8221;on|phone&#8221; custom_margin=&#8221;37px||||false|false&#8221; global_colors_info=&#8221;{}&#8221;][et_pb_column type=&#8221;4_4&#8243; _builder_version=&#8221;4.16&#8243; _module_preset=&#8221;default&#8221; global_colors_info=&#8221;{}&#8221;][et_pb_text _builder_version=&#8221;4.24.0&#8243; _module_preset=&#8221;default&#8221; header_font=&#8221;|800|||||||&#8221; header_text_align=&#8221;center&#8221; header_text_color=&#8221;#FFFFFF&#8221; header_font_size=&#8221;70px&#8221; header_font_size_tablet=&#8221;70px&#8221; header_font_size_phone=&#8221;35px&#8221; header_font_size_last_edited=&#8221;on|desktop&#8221; global_colors_info=&#8221;{}&#8221;]<\/p>\n<h1>Oposicions Administratiu de la Generalitat de Catalunya<\/h1>\n<p>[\/et_pb_text][\/et_pb_column][\/et_pb_row][\/et_pb_section][et_pb_section fb_built=&#8221;1&#8243; _builder_version=&#8221;4.16&#8243; _module_preset=&#8221;default&#8221; custom_padding=&#8221;29px|||||&#8221; global_colors_info=&#8221;{}&#8221;][et_pb_row _builder_version=&#8221;4.17.6&#8243; _module_preset=&#8221;default&#8221; width_tablet=&#8221;&#8221; width_phone=&#8221;90%&#8221; width_last_edited=&#8221;on|phone&#8221; custom_padding=&#8221;20px|20px|20px|20px|true|true&#8221; border_radii=&#8221;on|20px|20px|20px|20px&#8221; border_width_all=&#8221;5px&#8221; border_color_all=&#8221;#00b8e0&#8243; global_colors_info=&#8221;{}&#8221;][et_pb_column type=&#8221;4_4&#8243; _builder_version=&#8221;4.16&#8243; _module_preset=&#8221;default&#8221; global_colors_info=&#8221;{}&#8221;][et_pb_text _builder_version=&#8221;4.24.1&#8243; _module_preset=&#8221;default&#8221; text_font_size=&#8221;23px&#8221; global_colors_info=&#8221;{}&#8221;]<\/p>\n<h3 style=\"text-align: center;\"><b data-stringify-type=\"bold\">Convocades 329 places<\/b><\/h3>\n<h3 style=\"text-align: center;\"><b data-stringify-type=\"bold\">Termini d&#8217;inscripci\u00f3 des del 21 de febrer fins al 19 de mar\u00e7  <\/b><\/h3>\n<h3 style=\"text-align: center;\"><a href=\"https:\/\/portaldogc.gencat.cat\/utilsEADOP\/PDF\/9105\/2014307.pdf\"><b data-stringify-type=\"bold\">Enlla\u00e7 oficial<\/b><\/a><b data-stringify-type=\"bold\"><\/b><\/h3>\n<p><b data-stringify-type=\"bold\"><\/b><\/p>\n<p>[\/et_pb_text][\/et_pb_column][\/et_pb_row][\/et_pb_section][et_pb_section fb_built=&#8221;1&#8243; custom_padding_last_edited=&#8221;on|phone&#8221; _builder_version=&#8221;4.16&#8243; _module_preset=&#8221;default&#8221; custom_padding_tablet=&#8221;&#8221; custom_padding_phone=&#8221;0px||||false|false&#8221; global_colors_info=&#8221;{}&#8221;][et_pb_row custom_padding_last_edited=&#8221;on|phone&#8221; _builder_version=&#8221;4.16&#8243; _module_preset=&#8221;default&#8221; width_tablet=&#8221;&#8221; width_phone=&#8221;90%&#8221; width_last_edited=&#8221;on|phone&#8221; custom_padding_tablet=&#8221;&#8221; custom_padding_phone=&#8221;0px||||false|false&#8221; global_colors_info=&#8221;{}&#8221;][et_pb_column type=&#8221;4_4&#8243; _builder_version=&#8221;4.16&#8243; _module_preset=&#8221;default&#8221; global_colors_info=&#8221;{}&#8221;][et_pb_text _builder_version=&#8221;4.22.2&#8243; _module_preset=&#8221;default&#8221; header_2_font=&#8221;Raleway|900|||||||&#8221; header_2_text_align=&#8221;center&#8221; header_2_text_color=&#8221;#808080&#8243; header_2_font_size=&#8221;60px&#8221; header_2_line_height=&#8221;1.2em&#8221; header_2_font_size_tablet=&#8221;60px&#8221; header_2_font_size_phone=&#8221;30px&#8221; header_2_font_size_last_edited=&#8221;on|phone&#8221; global_colors_info=&#8221;{}&#8221;]<\/p>\n<h2><span style=\"color: #00b8e0;\">Prepara&#8217;t amb Innova<\/span><br \/>acad\u00e8mia d&#8217;oposicions per a<br \/><span style=\"color: #00b8e0;\">Administratiu de la Generalitat de Catalunya<\/span><\/h2>\n<p>[\/et_pb_text][\/et_pb_column][\/et_pb_row][et_pb_row custom_padding_last_edited=&#8221;on|phone&#8221; _builder_version=&#8221;4.16&#8243; _module_preset=&#8221;default&#8221; width_tablet=&#8221;&#8221; width_phone=&#8221;90%&#8221; width_last_edited=&#8221;on|phone&#8221; custom_padding_tablet=&#8221;&#8221; custom_padding_phone=&#8221;0px||||false|false&#8221; global_colors_info=&#8221;{}&#8221;][et_pb_column type=&#8221;4_4&#8243; _builder_version=&#8221;4.16&#8243; _module_preset=&#8221;default&#8221; global_colors_info=&#8221;{}&#8221;][et_pb_text _builder_version=&#8221;4.24.0&#8243; _module_preset=&#8221;default&#8221; text_font_size=&#8221;18px&#8221; header_3_font=&#8221;|700|||||||&#8221; header_3_text_color=&#8221;#000000&#8243; header_3_font_size=&#8221;30px&#8221; header_3_font_size_tablet=&#8221;40px&#8221; header_3_font_size_phone=&#8221;26px&#8221; header_3_font_size_last_edited=&#8221;on|phone&#8221; global_colors_info=&#8221;{}&#8221;]<\/p>\n<p style=\"text-align: justify;\">\n<p style=\"text-align: justify;\"><span>Si vols seguir la teva vocaci\u00f3 i aconseguir una pla\u00e7a d&#8217; <strong>Administratiu<\/strong><\/span> <span><strong>de la Generalitat de Catalunya,\u00a0<\/strong> nosaltres t&#8217;ajudem a aconseguir-ho.<\/span><\/p>\n<p style=\"text-align: justify;\"><span><\/span><\/p>\n<p style=\"text-align: justify;\"><span>Per a aquestes oposicions, la titulaci\u00f3 exigida \u00e9s el t\u00edtol de batxillerat o t\u00e8cnic i a m\u00e9s t\u00e9 requisits generals i comuns a altres oposicions de l&#8217;Administraci\u00f3 p\u00fablica.<br \/><\/span><br \/><span>Ara, a <strong>Centro Innova<\/strong> , acad\u00e8mia d&#8217;oposicions, tens m\u00e9s f\u00e0cil que mai la possibilitat de preparar aquestes oposicions d&#8217;Administratiu per a Barcelona i contribuir a desenvolupar una tasca fonamental a la teva Administraci\u00f3.<\/span><\/p>\n<p>&nbsp;<\/p>\n<h3 style=\"text-align: center;\"><strong><span style=\"color: #00b8e0;\"><span style=\"color: #808080;\">Com \u00e9s el proc\u00e9s selectiu de l&#8217;oposici\u00f3 a<\/span><\/span> <span style=\"color: #00b8e0;\">Administratiu de la Generalitat de Catalunya<\/span> <span style=\"color: #808080;\">?<\/span><\/strong><\/h3>\n<p>&nbsp;<\/p>\n<p style=\"text-align: justify;\">El proc\u00e9s selectiu \u00e9s el de concurs oposici\u00f3.<\/p>\n<p style=\"text-align: justify;\">Fase d&#8217;oposici\u00f3<\/p>\n<p style=\"text-align: justify;\">S&#8217;obt\u00e9 una puntuaci\u00f3 m\u00e0xima de 20 punts i est\u00e0 formada per tres proves.<\/p>\n<p style=\"text-align: justify;\"><span style=\"text-decoration: underline;\">La primera prova<\/span> consta de tres exercicis.<\/p>\n<p style=\"text-align: justify;\">&#8211; Primer exercici. Es tracta de respondre preguntes relacionades amb les compet\u00e8ncies professionals d&#8217;un administratiu. Es fa en 45 minuts.<\/p>\n<p style=\"text-align: justify;\">&#8211; Segon exercici. Consta d&#8217;un q\u00fcestionari de 50 preguntes amb 4 respostes alternatives sobre el contingut del temari que figuri a la convocat\u00f2ria. Es fa en una hora.<\/p>\n<p style=\"text-align: justify;\">&#8211; Tercer exercici. Es basa en un sup\u00f2sit pr\u00e0ctic en qu\u00e8 s&#8217;han de desenvolupar diferents q\u00fcestions sobre l&#8217;aplicaci\u00f3 de coneixements del temari. Aquesta prova es fa en 1 hora i mitja.<\/p>\n<p style=\"text-align: justify;\">\u00c9s important saber que el tribunal no avalua el tercer exercici si no se n&#8217;ha superat el segon.<\/p>\n<p style=\"text-align: justify;\"><span style=\"text-decoration: underline;\">La segona prova<\/span> \u00e9s sobre ofim\u00e0tica i \u00e9s de car\u00e0cter obligatori i eliminatori. Funcions i utilitats del sistema operatiu de Windows.<\/p>\n<p style=\"text-align: justify;\"><span style=\"text-decoration: underline;\">La tercera prova<\/span> valora el coneixement de les lleng\u00fces castellana i catalana.<\/p>\n<p style=\"text-align: justify;\">Fase de concurs<\/p>\n<p style=\"text-align: justify;\">Es valoren els m\u00e8rits seguint el barem que estableixi la convocat\u00f2ria. Per con\u00e8ixer els m\u00e8rits que es van tenir en compte la convocat\u00f2ria anterior pots fer-ho punxant <a href=\"https:\/\/dogc.gencat.cat\/ca\/document-del-dogc\/?documentId=466833\">aqu\u00ed.<\/a><\/p>\n<p style=\"text-align: justify;\">\n<p>[\/et_pb_text][\/et_pb_column][\/et_pb_row][\/et_pb_section][et_pb_section fb_built=&#8221;1&#8243; _builder_version=&#8221;4.16&#8243; _module_preset=&#8221;default&#8221; background_image=&#8221;https:\/\/www.centroinnova.net\/wp-content\/uploads\/2022\/01\/slider_Adminsitrativo-del-estado_Exports-05.jpg&#8221; custom_padding=&#8221;260px|0px|76px|0px|false|false&#8221; global_colors_info=&#8221;{}&#8221;][\/et_pb_section][et_pb_section fb_built=&#8221;1&#8243; _builder_version=&#8221;4.16&#8243; _module_preset=&#8221;default&#8221; global_colors_info=&#8221;{}&#8221;][et_pb_row _builder_version=&#8221;4.16&#8243; _module_preset=&#8221;default&#8221; width_tablet=&#8221;&#8221; width_phone=&#8221;90%&#8221; width_last_edited=&#8221;on|phone&#8221; global_colors_info=&#8221;{}&#8221;][et_pb_column type=&#8221;4_4&#8243; _builder_version=&#8221;4.16&#8243; _module_preset=&#8221;default&#8221; global_colors_info=&#8221;{}&#8221;][et_pb_text _builder_version=&#8221;4.16&#8243; _module_preset=&#8221;default&#8221; header_2_font=&#8221;Raleway|900|||||||&#8221; header_2_text_align=&#8221;center&#8221; header_2_text_color=&#8221;#808080&#8243; header_2_font_size=&#8221;60px&#8221; header_2_line_height=&#8221;1.2em&#8221; header_2_font_size_tablet=&#8221;60px&#8221; header_2_font_size_phone=&#8221;30px&#8221; header_2_font_size_last_edited=&#8221;on|phone&#8221; global_colors_info=&#8221;{}&#8221;]<\/p>\n<h2><span style=\"color: #00b8e0;\">Prepara-t&#8217;hi<\/span><br \/>amb Innova<\/h2>\n<p>[\/et_pb_text][\/et_pb_column][\/et_pb_row][et_pb_row custom_padding_last_edited=&#8221;on|phone&#8221; _builder_version=&#8221;4.16&#8243; _module_preset=&#8221;default&#8221; width_tablet=&#8221;&#8221; width_phone=&#8221;90%&#8221; width_last_edited=&#8221;on|phone&#8221; custom_padding_tablet=&#8221;&#8221; custom_padding_phone=&#8221;0px||||false|false&#8221; global_colors_info=&#8221;{}&#8221;][et_pb_column type=&#8221;4_4&#8243; _builder_version=&#8221;4.16&#8243; _module_preset=&#8221;default&#8221; global_colors_info=&#8221;{}&#8221;][et_pb_text _builder_version=&#8221;4.16&#8243; _module_preset=&#8221;default&#8221; text_font_size=&#8221;18px&#8221; header_3_font=&#8221;|700|||||||&#8221; header_3_text_color=&#8221;#000000&#8243; header_3_font_size=&#8221;30px&#8221; header_3_font_size_tablet=&#8221;40px&#8221; header_3_font_size_phone=&#8221;26px&#8221; header_3_font_size_last_edited=&#8221;on|phone&#8221; global_colors_info=&#8221;{}&#8221;]<\/p>\n<h3 style=\"text-align: center;\"><span><span style=\"color: #808080;\">A la nostra acad\u00e8mia trobar\u00e0s el<\/span> <span style=\"color: #00b8e0;\">millor equip i el m\u00e9s gran suport.<\/span><\/span><\/h3>\n<p style=\"text-align: justify;\">\n<p style=\"text-align: justify;\"><span style=\"color: rgba(0, 0, 0, 0.54);\">Som la millor acad\u00e8mia per preparar aquestes oposicions. Guia&#8217;t pels millors professors funcionaris experimentats en la preparaci\u00f3 d&#8217;aquesta oposici\u00f3 implicats amb l&#8217;alumnat mantenint un <span style=\"color: #00b8e0;\">temari complet i actualitzat<\/span> i impartint el contingut a trav\u00e9s<\/span> de <span style=\"color: #00b8e0;\">metodologies i t\u00e8cniques d&#8217;estudi innovadores avan\u00e7ades<\/span> <span style=\"color: #808080;\">per a la<\/span> <span style=\"color: #00b8e0;\">superaci\u00f3<\/span> <span style=\"color: #808080;\">dels<\/span> <span style=\"color: #00b8e0;\">ex\u00e0mens amb \u00e8xit.<\/span><\/p>\n<p style=\"text-align: justify;\">\n<p style=\"text-align: justify;\"><span>A m\u00e9s, la nostra <strong>acad\u00e8mia<\/strong> t&#8217;ofereix flexibilitat de grups i horaris adaptats a tots els nostres alumnes.<\/span><\/p>\n<p style=\"text-align: justify;\">Aix\u00ed mateix, <strong>et mantindrem informat sobre qualsevol novetat a les oposicions<\/strong> : convocat\u00f2ries, canvis en els requisits d&#8217;acc\u00e9s, terminis de presentaci\u00f3 d&#8217;inst\u00e0ncies, etc.<\/p>\n<p style=\"text-align: justify;\">Dins la din\u00e0mica de classe podr\u00e0s fer simulacres d&#8217;examen de convocat\u00f2ries anteriors, amb la qual cosa adquirir\u00e0s seguretat i confian\u00e7a.<\/p>\n<p style=\"text-align: justify;\"><span class=\"c-mrkdwn__br\" data-stringify-type=\"paragraph-break\"><\/span><span>Si vols <span style=\"color: #00b8e0;\"><strong>superar amb \u00e8xit els ex\u00e0mens de les oposicions d&#8217;Administratiu de la Generalitat de Catalunya<\/strong><\/span>, posa\u2019t en mans dels <strong>millors preparadors d&#8217;aquest sector educatiu<\/strong> . La nostra acad\u00e8mia de Barcelona \u00e9s un dels <strong>millors centres<\/strong> de la ciutat. Posem a la teva disposici\u00f3 tot el nostre esfor\u00e7 i recursos per <span style=\"color: #00b8e0;\"><strong>aconseguir la teva pla\u00e7a somiada<\/strong><\/span>. <\/span><\/p>\n<p style=\"text-align: justify;\"><strong>Aprova amb nosaltres i comen\u00e7a a treballar en un lloc per a tota la vida.<\/strong><\/p>\n<p style=\"text-align: justify;\"><strong><\/strong><\/p>\n<p>&nbsp;<\/p>\n<p><span><\/span><\/p>\n<p>[\/et_pb_text][\/et_pb_column][\/et_pb_row][\/et_pb_section][et_pb_section fb_built=&#8221;1&#8243; custom_padding_last_edited=&#8221;on|phone&#8221; _builder_version=&#8221;4.16&#8243; _module_preset=&#8221;default&#8221; custom_padding=&#8221;18px|||||&#8221; custom_padding_tablet=&#8221;&#8221; custom_padding_phone=&#8221;0px||||false|false&#8221; global_colors_info=&#8221;{}&#8221;][et_pb_row _builder_version=&#8221;4.16&#8243; _module_preset=&#8221;default&#8221; width_tablet=&#8221;&#8221; width_phone=&#8221;90%&#8221; width_last_edited=&#8221;on|phone&#8221; global_colors_info=&#8221;{}&#8221;][et_pb_column type=&#8221;4_4&#8243; _builder_version=&#8221;4.16&#8243; _module_preset=&#8221;default&#8221; global_colors_info=&#8221;{}&#8221;][et_pb_text _builder_version=&#8221;4.22.2&#8243; _module_preset=&#8221;default&#8221; header_2_font=&#8221;Raleway|900|||||||&#8221; header_2_text_align=&#8221;center&#8221; header_2_text_color=&#8221;#808080&#8243; header_2_font_size=&#8221;60px&#8221; header_2_line_height=&#8221;1.2em&#8221; header_2_font_size_tablet=&#8221;60px&#8221; header_2_font_size_phone=&#8221;30px&#8221; header_2_font_size_last_edited=&#8221;on|phone&#8221; global_colors_info=&#8221;{}&#8221;]<\/p>\n<h2><span style=\"color: #00b8e0;\">Gaudeix d&#8217;una feina estable<\/span><br \/>per a tota la vida<\/h2>\n<p>[\/et_pb_text][\/et_pb_column][\/et_pb_row][et_pb_row custom_padding_last_edited=&#8221;on|phone&#8221; _builder_version=&#8221;4.16&#8243; _module_preset=&#8221;default&#8221; width_tablet=&#8221;&#8221; width_phone=&#8221;90%&#8221; width_last_edited=&#8221;on|phone&#8221; custom_padding_tablet=&#8221;&#8221; custom_padding_phone=&#8221;0px||||false|false&#8221; global_colors_info=&#8221;{}&#8221;][et_pb_column type=&#8221;4_4&#8243; _builder_version=&#8221;4.16&#8243; _module_preset=&#8221;default&#8221; global_colors_info=&#8221;{}&#8221;][et_pb_text _builder_version=&#8221;4.24.0&#8243; _module_preset=&#8221;default&#8221; text_font_size=&#8221;18px&#8221; global_colors_info=&#8221;{}&#8221;]<\/p>\n<p style=\"text-align: justify;\"><span>Comen\u00e7a la teva formaci\u00f3 per a la propera convocat\u00f2ria. <strong>Prepara&#8217;t amb la nostra acad\u00e8mia<\/strong> les <strong>oposicions d&#8217;Administratiu de la Generalitat de Catalunya<\/strong> . Aconsegueix la teva pla\u00e7a i comen\u00e7a a treballar en un lloc <span style=\"color: rgba(0, 0, 0, 0.68);\">de treball fix que et far\u00e0 <\/span><\/span>sentir realitzat, ja que hi aportar\u00e0s el teu granet de sorra contribuint a millorar l&#8217;efici\u00e8ncia administrativa de la teva regi\u00f3.<\/p>\n<p>[\/et_pb_text][\/et_pb_column][\/et_pb_row][\/et_pb_section][et_pb_section fb_built=&#8221;1&#8243; custom_padding_last_edited=&#8221;on|phone&#8221; _builder_version=&#8221;4.16&#8243; _module_preset=&#8221;default&#8221; background_enable_image=&#8221;off&#8221; custom_padding=&#8221;0px||||false|false&#8221; custom_padding_tablet=&#8221;&#8221; custom_padding_phone=&#8221;0px||||false|false&#8221; background_last_edited=&#8221;off|desktop&#8221; global_colors_info=&#8221;{}&#8221;][et_pb_row column_structure=&#8221;1_2,1_2&#8243; custom_padding_last_edited=&#8221;on|phone&#8221; _builder_version=&#8221;4.16&#8243; _module_preset=&#8221;default&#8221; width_tablet=&#8221;&#8221; width_phone=&#8221;90%&#8221; width_last_edited=&#8221;on|phone&#8221; custom_padding=&#8221;0px||||false|false&#8221; custom_padding_tablet=&#8221;&#8221; custom_padding_phone=&#8221;0px||||false|false&#8221; global_colors_info=&#8221;{}&#8221;][et_pb_column type=&#8221;1_2&#8243; _builder_version=&#8221;4.16&#8243; _module_preset=&#8221;default&#8221; global_colors_info=&#8221;{}&#8221;][et_pb_blurb title=&#8221;Requisits&#8221; image=&#8221;https:\/\/www.centroinnova.net\/wp-content\/uploads\/2021\/12\/requisitos-correos.png&#8221; alt=&#8221;requisits-correus&#8221; icon_placement=&#8221;left&#8221; image_icon_width=&#8221;65%&#8221; image_icon_width_tablet=&#8221;57%&#8221; image_icon_width_phone=&#8221;70%&#8221; image_icon_width_last_edited=&#8221;on|phone&#8221; _builder_version=&#8221;4.18.0&#8243; _module_preset=&#8221;default&#8221; header_level=&#8221;h2&#8243; header_font=&#8221;Raleway|700|||||||&#8221; header_text_color=&#8221;#00b8e0&#8243; header_font_size=&#8221;30px&#8221; body_font_size=&#8221;16px&#8221; background_color=&#8221;#e6e6e6&#8243; custom_margin=&#8221;||0px||false|false&#8221; custom_padding=&#8221;20px|20px|20px||true|false&#8221; animation=&#8221;off&#8221; border_radii=&#8221;off|20px|20px||&#8221; global_colors_info=&#8221;{}&#8221;]<\/p>\n<p style=\"text-align: justify;\"><span>Per poder presentar-te a aquestes<\/span> <span style=\"color: #00b8e0;\"><strong>oposicions d&#8217;Administratiu de la Generalitat de Catalunya<\/strong><\/span><span>, has de complir els requisits seg\u00fcents:<\/span><\/p>\n<p>[\/et_pb_blurb][et_pb_toggle title=&#8221;Veure requisits&#8221; open_toggle_text_color=&#8221;#808080&#8243; open_toggle_background_color=&#8221;#FFFFFF&#8221; closed_toggle_text_color=&#8221;#FFFFFF&#8221; icon_color=&#8221;#FFFFFF&#8221; open_icon_color=&#8221;#00b8e0&#8243; _builder_version=&#8221;4.18.0&#8243; _module_preset=&#8221;default&#8221; title_text_color=&#8221;#FFFFFF&#8221; title_level=&#8221;h3&#8243; title_font=&#8221;|700|||||||&#8221; title_font_size=&#8221;24px&#8221; title_line_height=&#8221;1.2em&#8221; closed_title_font_size=&#8221;20px&#8221; body_font_size=&#8221;16px&#8221; background_color=&#8221;#00b8e0&#8243; custom_margin=&#8221;0px||||false|false&#8221; custom_padding=&#8221;||||false|false&#8221; border_radii=&#8221;off|||20px|20px&#8221; border_width_all=&#8221;3px&#8221; border_color_all=&#8221;#00b8e0&#8243; global_colors_info=&#8221;{}&#8221;]<\/p>\n<div class=\"p-rich_text_section\" style=\"text-align: center;\">\n<p style=\"text-align: justify;\">Per poder accedir a aquestes oposicions d&#8217;Administratiu de la Generalitat de Catalunya, caldr\u00e0 que compleixis els requisits seg\u00fcents:<\/p>\n<p style=\"text-align: justify;\">\n<\/div>\n<p style=\"text-align: justify;\"><span role=\"presentation\" dir=\"ltr\" style=\"color: #00ccff;\">Edat:<\/span> h<span role=\"presentation\" dir=\"ltr\">aur\u00e0s de tenir almenys 16 anys i no excedir l&#8217;edat m\u00e0xima de<\/span> <span role=\"presentation\" dir=\"ltr\">jubilaci\u00f3.<\/span><\/p>\n<p style=\"text-align: justify;\"><span style=\"color: #00ccff;\"><span role=\"presentation\" dir=\"ltr\">Nacionalitat:<\/span> p<span role=\"presentation\" dir=\"ltr\">osseir<\/span><\/span> <span role=\"presentation\" dir=\"ltr\">la nacionalitat espanyola o ser d&#8217;algun pa\u00eds membre<\/span> <span role=\"presentation\" dir=\"ltr\">de la UE.<\/span><\/p>\n<p style=\"text-align: justify;\"><span role=\"presentation\" dir=\"ltr\"><\/span><span style=\"color: #00ccff;\"><span role=\"presentation\" dir=\"ltr\">Titulaci\u00f3<\/span><span role=\"presentation\" dir=\"ltr\">: <span style=\"color: rgba(0, 0, 0, 0.52);\"><span style=\"color: rgba(0, 0, 0, 0.55);\">t\u00edtol de batxiller o t\u00e8cnic.<\/span><\/span><\/span><\/span><br role=\"presentation\" \/><span role=\"presentation\" dir=\"ltr\"><\/span><\/p>\n<p style=\"text-align: justify;\"><span style=\"color: #00ccff;\"><span role=\"presentation\" dir=\"ltr\">Capacitat<\/span><span role=\"presentation\" dir=\"ltr\">:<\/span><\/span> <span role=\"presentation\" dir=\"ltr\">posseir la capacitat funcional necess\u00e0ria per a l&#8217;<\/span> <span role=\"presentation\" dir=\"ltr\">exercici de les funcions requerides en aquest lloc.<\/span><\/p>\n<p style=\"text-align: justify;\"><span style=\"color: #00ccff;\"><span role=\"presentation\" dir=\"ltr\">Idiomes<\/span><span role=\"presentation\" dir=\"ltr\">:<\/span><\/span> tenir nivell C1 de llengua catalana i nivell C2 de llengua castellana (per als aspirants que no tinguin nacionalitat espanyola).<span role=\"presentation\" dir=\"ltr\"><\/span><\/p>\n<p style=\"text-align: justify;\"><span style=\"color: #00ccff;\"><span role=\"presentation\" dir=\"ltr\">Habilitaci\u00f3<\/span><span role=\"presentation\" dir=\"ltr\">: <span style=\"color: rgba(0, 0, 0, 0.56);\">no estar inhabilitat per a l&#8217;exercici de les funcions p\u00fabliques ni estar separat mitjan\u00e7ant expedient disciplinari del servei de qualsevol Administraci\u00f3 p\u00fablica.<\/span><\/span><\/span><\/p>\n<p style=\"text-align: justify;\"><span role=\"presentation\" dir=\"ltr\"><\/span><\/p>\n<p>[\/et_pb_toggle][\/et_pb_column][et_pb_column type=&#8221;1_2&#8243; _builder_version=&#8221;4.16&#8243; _module_preset=&#8221;default&#8221; global_colors_info=&#8221;{}&#8221;][et_pb_blurb title=&#8221;Funcions&#8221; image=&#8221;https:\/\/www.centroinnova.net\/wp-content\/uploads\/2021\/12\/funciones-correos-1.png&#8221; alt=&#8221;funcions-correus&#8221; icon_placement=&#8221;left&#8221; image_icon_width=&#8221;65%&#8221; icon_placement_tablet=&#8221;left&#8221; icon_placement_phone=&#8221;left&#8221; icon_placement_last_edited=&#8221;on|phone&#8221; image_icon_width_tablet=&#8221;70%&#8221; image_icon_width_phone=&#8221;70%&#8221; image_icon_width_last_edited=&#8221;on|phone&#8221; _builder_version=&#8221;4.16&#8243; _module_preset=&#8221;default&#8221; header_level=&#8221;h2&#8243; header_font=&#8221;Raleway|700|||||||&#8221; header_text_align=&#8221;left&#8221; header_text_color=&#8221;#00b8e0&#8243; header_font_size=&#8221;30px&#8221; body_font_size=&#8221;16px&#8221; background_color=&#8221;#e6e6e6&#8243; custom_margin=&#8221;||0px||false|false&#8221; custom_padding=&#8221;20px|20px|20px||true|false&#8221; custom_padding_tablet=&#8221;20px|20px|20px||true|false&#8221; custom_padding_phone=&#8221;20px|10px|20px|0px|true|false&#8221; custom_padding_last_edited=&#8221;on|phone&#8221; animation=&#8221;off&#8221; module_alignment_tablet=&#8221;&#8221; module_alignment_phone=&#8221;center&#8221; module_alignment_last_edited=&#8221;on|phone&#8221; border_radii=&#8221;off|20px|20px||&#8221; global_colors_info=&#8221;{}&#8221;]<\/p>\n<p style=\"text-align: justify;\"><span>Les funcions que haur\u00e0s de fer si ets<\/span> <span style=\"color: #00b8e0;\"><strong>Administratiu de la Generalitat Catalunya<\/strong><\/span> <span>s\u00f3n molt diverses.<\/span><\/p>\n<p>[\/et_pb_blurb][et_pb_toggle title=&#8221;Veure funcions&#8221; open_toggle_text_color=&#8221;#808080&#8243; open_toggle_background_color=&#8221;#FFFFFF&#8221; closed_toggle_text_color=&#8221;#FFFFFF&#8221; icon_color=&#8221;#FFFFFF&#8221; open_icon_color=&#8221;#00b8e0&#8243; _builder_version=&#8221;4.17.6&#8243; _module_preset=&#8221;default&#8221; title_text_color=&#8221;#FFFFFF&#8221; title_level=&#8221;h3&#8243; title_font=&#8221;|700|||||||&#8221; title_font_size=&#8221;24px&#8221; title_line_height=&#8221;1.2em&#8221; closed_title_font_size=&#8221;20px&#8221; body_font_size=&#8221;16px&#8221; background_color=&#8221;#00b8e0&#8243; custom_margin=&#8221;0px||||false|false&#8221; custom_padding=&#8221;||||false|false&#8221; border_radii=&#8221;off|||20px|20px&#8221; border_width_all=&#8221;3px&#8221; border_color_all=&#8221;#00b8e0&#8243; global_colors_info=&#8221;{}&#8221;]<\/p>\n<div class=\"p-rich_text_section\" style=\"text-align: center;\">\n<p style=\"text-align: justify;\"><span role=\"presentation\" dir=\"ltr\">Les tasques i funcions principals d&#8217;un Administratiu de la Generalitat de Catalunya serien les corresponents a<\/span> <span style=\"font-size: 16px;\">documentaci\u00f3 i registre, atenci\u00f3 a l&#8217;usuari, gesti\u00f3 de correspond\u00e8ncia o redacci\u00f3 de documents oficials.<\/span><\/p>\n<p style=\"text-align: justify;\"><span style=\"font-size: 16px; text-align: center;\">De manera general, les funcions que far\u00e0s al teu lloc d&#8217;administratiu a Barcelona s\u00f3n:<\/span><\/p>\n<p style=\"text-align: justify;\"><span style=\"font-size: 16px; text-align: center;\"><\/span><\/p>\n<ul>\n<li style=\"text-align: justify;\">Mecanografiar documents a ordinador perqu\u00e8 quedin emmagatzemats a les bases de dades de la corporaci\u00f3.<\/li>\n<li style=\"text-align: justify;\">Fer tasques senzilles de c\u00e0lcul.<\/li>\n<li style=\"text-align: justify;\">Portar el control de fitxer i registre de documentaci\u00f3.<\/li>\n<li style=\"text-align: justify;\">Fer tr\u00e0mits d&#8217;expedients administratius (certificats, fulls de despeses, arxius de personal, etc.)<\/li>\n<li style=\"text-align: justify;\">Atendre l&#8217;usuari de manera presencial, telef\u00f2nica o via correu electr\u00f2nic.<\/li>\n<li style=\"text-align: justify;\">Gestionar la correspond\u00e8ncia.<\/li>\n<li style=\"text-align: justify;\">Fotocopiar i escanejar documentaci\u00f3.<\/li>\n<li style=\"text-align: justify;\">Organitzar reunions quan calgui.<\/li>\n<li style=\"text-align: justify;\"><span>Assistir o ajudar els llocs de l&#8217; administraci\u00f3 de l&#8217; empresa.<\/span><\/li>\n<li style=\"text-align: justify;\"><span>Crear i gestionar factures.<\/span><\/li>\n<li style=\"text-align: justify;\"><span>Treure costos de comandes.<\/span><\/li>\n<li style=\"text-align: justify;\">Calcular i fer pagaments de sou, impostos i altres cotitzacions.<\/li>\n<\/ul>\n<\/div>\n<p>[\/et_pb_toggle][\/et_pb_column][\/et_pb_row][et_pb_row column_structure=&#8221;1_2,1_2&#8243; custom_padding_last_edited=&#8221;on|phone&#8221; _builder_version=&#8221;4.16&#8243; _module_preset=&#8221;default&#8221; width_tablet=&#8221;&#8221; width_phone=&#8221;90%&#8221; width_last_edited=&#8221;on|phone&#8221; custom_padding_tablet=&#8221;&#8221; custom_padding_phone=&#8221;0px||||false|false&#8221; global_colors_info=&#8221;{}&#8221;][et_pb_column type=&#8221;1_2&#8243; _builder_version=&#8221;4.16&#8243; _module_preset=&#8221;default&#8221; global_colors_info=&#8221;{}&#8221;][et_pb_blurb title=&#8221;Temari&#8221; image=&#8221;https:\/\/www.centroinnova.net\/wp-content\/uploads\/2022\/01\/temario-propio-08.png&#8221; alt=&#8221;temari-propi&#8221; icon_placement=&#8221;left&#8221; image_icon_width=&#8221;65%&#8221; icon_placement_tablet=&#8221;left&#8221; icon_placement_phone=&#8221;left&#8221; icon_placement_last_edited=&#8221;on|phone&#8221; image_icon_width_tablet=&#8221;70%&#8221; image_icon_width_phone=&#8221;70%&#8221; image_icon_width_last_edited=&#8221;on|phone&#8221; _builder_version=&#8221;4.16&#8243; _module_preset=&#8221;default&#8221; header_level=&#8221;h2&#8243; header_font=&#8221;|700|||||||&#8221; header_text_align=&#8221;left&#8221; header_text_color=&#8221;#00b8e0&#8243; header_font_size=&#8221;30px&#8221; body_font_size=&#8221;16px&#8221; background_color=&#8221;#e6e6e6&#8243; custom_margin=&#8221;||0px||false|false&#8221; custom_padding=&#8221;20px|20px|20px||true|false&#8221; custom_padding_tablet=&#8221;20px|20px|20px||true|false&#8221; custom_padding_phone=&#8221;20px|10px|20px|0px|true|false&#8221; custom_padding_last_edited=&#8221;on|phone&#8221; animation=&#8221;off&#8221; module_alignment_tablet=&#8221;&#8221; module_alignment_phone=&#8221;center&#8221; module_alignment_last_edited=&#8221;on|phone&#8221; border_radii=&#8221;off|20px|20px||&#8221; global_colors_info=&#8221;{}&#8221;]<\/p>\n<p style=\"text-align: justify;\"><span>Aqu\u00ed podr\u00e0s veure tot el temari per a les oposicions <span style=\"color: #00b8e0;\"><strong>a Administratiu de la Generalitat de Catalunya.<\/strong><\/span><\/span><\/p>\n<p>[\/et_pb_blurb][et_pb_toggle title=&#8221;Veure temari&#8221; open_toggle_text_color=&#8221;#808080&#8243; open_toggle_background_color=&#8221;#FFFFFF&#8221; closed_toggle_text_color=&#8221;#FFFFFF&#8221; icon_color=&#8221;#FFFFFF&#8221; open_icon_color=&#8221;#00b8e0&#8243; _builder_version=&#8221;4.18.0&#8243; _module_preset=&#8221;default&#8221; title_text_color=&#8221;#FFFFFF&#8221; title_level=&#8221;h3&#8243; title_font=&#8221;|700|||||||&#8221; title_font_size=&#8221;24px&#8221; title_line_height=&#8221;1.2em&#8221; closed_title_font_size=&#8221;20px&#8221; body_font_size=&#8221;16px&#8221; background_color=&#8221;#00b8e0&#8243; custom_margin=&#8221;0px||||false|false&#8221; custom_padding=&#8221;||||false|false&#8221; border_radii=&#8221;off|||20px|20px&#8221; border_width_all=&#8221;3px&#8221; border_color_all=&#8221;#00b8e0&#8243; global_colors_info=&#8221;{}&#8221;]<\/p>\n<div class=\"p-rich_text_section\" style=\"text-align: center;\">\n<div class=\"p-pdf_iframe__page\" aria-label=\"P\u00e1gina 1\" data-page-number=\"1\">\n<div class=\"textLayer\" style=\"text-align: justify;\"><span role=\"presentation\" dir=\"ltr\">Us deixem el <a href=\"https:\/\/administraciopublica.gencat.cat\/ca\/treballar-a-la-generalitat\/suport-per-preparar-una-oposicio\/temaris\/\">temari<\/a> de les oposicions d&#8217; <strong>administratiu de la Generalitat de Catalunya.<\/strong><\/span><\/div>\n<div class=\"textLayer\" style=\"text-align: justify;\"><\/div>\n<div class=\"textLayer\" style=\"text-align: justify;\"><span role=\"presentation\" dir=\"ltr\"><strong><\/strong><\/span><\/div>\n<div class=\"textLayer\" style=\"text-align: justify;\"><span role=\"presentation\" dir=\"ltr\"><strong><\/strong><\/span><\/div>\n<div class=\"textLayer\" style=\"text-align: justify;\"><span role=\"presentation\" dir=\"ltr\"><strong><\/strong><\/span><\/div>\n<div class=\"textLayer\" style=\"text-align: justify;\"><span role=\"presentation\" dir=\"ltr\"><strong><\/strong><\/span><\/div>\n<div class=\"textLayer\" style=\"text-align: justify;\"><span role=\"presentation\" dir=\"ltr\"><strong><\/strong><\/span><\/div>\n<\/div>\n<\/div>\n<div class=\"p-rich_text_section\" style=\"text-align: justify;\"><\/div>\n<p>[\/et_pb_toggle][\/et_pb_column][et_pb_column type=&#8221;1_2&#8243; _builder_version=&#8221;4.16&#8243; _module_preset=&#8221;default&#8221; global_colors_info=&#8221;{}&#8221;][et_pb_blurb title=&#8221;Proves  &#8221; image=&#8221;https:\/\/www.centroinnova.net\/wp-content\/uploads\/2022\/01\/pruebas-auxilio-judicial-02.png&#8221; alt=&#8221;proves-auxili-judicial&#8221; icon_placement=&#8221;left&#8221; image_icon_width=&#8221;65%&#8221; image_icon_width_tablet=&#8221;75%&#8221; image_icon_width_phone=&#8221;70%&#8221; image_icon_width_last_edited=&#8221;on|phone&#8221; _builder_version=&#8221;4.18.0&#8243; _module_preset=&#8221;default&#8221; header_level=&#8221;h2&#8243; header_font=&#8221;|700|||||||&#8221; header_text_color=&#8221;#00b8e0&#8243; header_font_size=&#8221;30px&#8221; body_font_size=&#8221;16px&#8221; background_color=&#8221;#e6e6e6&#8243; custom_margin=&#8221;||0px||false|false&#8221; custom_padding=&#8221;20px|20px|20px||true|false&#8221; animation=&#8221;off&#8221; border_radii=&#8221;off|20px|20px||&#8221; global_colors_info=&#8221;{}&#8221;]<\/p>\n<p style=\"text-align: justify;\"><span>Per a aquesta oposici\u00f3 <span style=\"color: #00b8e0;\"><strong>les proves de les anteriors convocat\u00f2ries<\/strong><\/span> van ser les seg\u00fcents<\/span><\/p>\n<p>[\/et_pb_blurb][et_pb_toggle title=&#8221;Veure proves&#8221; open_toggle_text_color=&#8221;#808080&#8243; open_toggle_background_color=&#8221;#FFFFFF&#8221; closed_toggle_text_color=&#8221;#FFFFFF&#8221; icon_color=&#8221;#FFFFFF&#8221; open_icon_color=&#8221;#00b8e0&#8243; _builder_version=&#8221;4.17.6&#8243; _module_preset=&#8221;default&#8221; title_text_color=&#8221;#FFFFFF&#8221; title_level=&#8221;h3&#8243; title_font=&#8221;|700|||||||&#8221; title_font_size=&#8221;24px&#8221; title_line_height=&#8221;1.2em&#8221; closed_title_font_size=&#8221;20px&#8221; body_font_size=&#8221;16px&#8221; background_color=&#8221;#00b8e0&#8243; custom_margin=&#8221;0px||||false|false&#8221; custom_padding=&#8221;||||false|false&#8221; border_radii=&#8221;off|||20px|20px&#8221; border_width_all=&#8221;3px&#8221; border_color_all=&#8221;#00b8e0&#8243; global_colors_info=&#8221;{}&#8221;]<\/p>\n<div class=\"p-rich_text_section\" style=\"text-align: center;\">\n<p style=\"text-align: justify;\"><span style=\"font-size: 16px;\">El proc\u00e9s selectiu \u00e9s el de<\/span> <strong style=\"font-size: 16px;\">concurs oposici\u00f3.<\/strong><\/p>\n<p style=\"text-align: justify;\"><strong>Fase d&#8217;oposici\u00f3<\/strong><strong style=\"font-size: 16px;\"><\/strong><\/p>\n<p style=\"text-align: justify;\">S&#8217;obt\u00e9 una puntuaci\u00f3 m\u00e0xima de 20 punts i est\u00e0 formada per tres proves.<\/p>\n<p style=\"text-align: justify;\"><span style=\"text-decoration: underline;\">La primera prova<\/span> consta de tres exercicis.<\/p>\n<p style=\"text-align: justify;\">&#8211; Primer exercici. Es tracta de respondre preguntes relacionades amb les compet\u00e8ncies professionals d&#8217;un administratiu. Es fa en 45 minuts.<\/p>\n<p style=\"text-align: justify;\">&#8211; Segon exercici. Consta d&#8217;un q\u00fcestionari de 50 preguntes amb 4 respostes alternatives sobre el contingut del temari que figuri a la convocat\u00f2ria. Es fa en una hora.<\/p>\n<p style=\"text-align: justify;\">&#8211; Tercer exercici. Es basa en un sup\u00f2sit pr\u00e0ctic en qu\u00e8 desenvolupar diferents q\u00fcestions sobre l&#8217;aplicaci\u00f3 de coneixements del temari. Aquesta prova es far\u00e0 en 1 hora i mitja.<\/p>\n<p style=\"text-align: justify;\">\u00c9s important saber que el tribunal no avalua el tercer exercici si no se n&#8217;ha superat el segon.<\/p>\n<p style=\"text-align: justify;\"><span style=\"text-decoration: underline;\">La segona prova<\/span> \u00e9s sobre ofim\u00e0tica i \u00e9s de car\u00e0cter obligatori i eliminatori. Funcions i utilitats del sistema operatiu de Windows.<\/p>\n<p style=\"text-align: justify;\"><span style=\"text-decoration: underline;\">La tercera prova<\/span> valora el coneixement de la llengua castellana i catalana.<\/p>\n<p style=\"text-align: justify;\">\n<p style=\"text-align: justify;\"><strong>Fase de concurs<\/strong><\/p>\n<p style=\"text-align: justify;\">Es valoren els m\u00e8rits aportats seguint el barem establert per la convocat\u00f2ria.<strong><\/strong><\/p>\n<p style=\"text-align: justify;\">\n<p style=\"text-align: justify;\">\n<\/div>\n<p>[\/et_pb_toggle][\/et_pb_column][\/et_pb_row][et_pb_row column_structure=&#8221;1_5,3_5,1_5&#8243; custom_padding_last_edited=&#8221;on|phone&#8221; disabled_on=&#8221;on|on|on&#8221; _builder_version=&#8221;4.24.0&#8243; _module_preset=&#8221;default&#8221; width_tablet=&#8221;&#8221; width_phone=&#8221;90%&#8221; width_last_edited=&#8221;on|phone&#8221; custom_padding_tablet=&#8221;&#8221; custom_padding_phone=&#8221;0px||||false|false&#8221; disabled=&#8221;on&#8221; global_colors_info=&#8221;{}&#8221;][et_pb_column type=&#8221;1_5&#8243; _builder_version=&#8221;4.16&#8243; _module_preset=&#8221;default&#8221; global_colors_info=&#8221;{}&#8221;][\/et_pb_column][et_pb_column type=&#8221;3_5&#8243; _builder_version=&#8221;4.16&#8243; _module_preset=&#8221;default&#8221; global_colors_info=&#8221;{}&#8221;][et_pb_blurb title=&#8221;\u00daltimes convocat\u00f2ries&#8221; image=&#8221;https:\/\/www.centroinnova.net\/wp-content\/uploads\/2022\/01\/plan-de-estudios-11.png&#8221; alt=&#8221;temari-propi&#8221; icon_placement=&#8221;left&#8221; image_icon_width=&#8221;65%&#8221; icon_placement_tablet=&#8221;left&#8221; icon_placement_phone=&#8221;left&#8221; icon_placement_last_edited=&#8221;on|phone&#8221; image_icon_width_tablet=&#8221;70%&#8221; image_icon_width_phone=&#8221;96%&#8221; image_icon_width_last_edited=&#8221;on|phone&#8221; _builder_version=&#8221;4.16&#8243; _module_preset=&#8221;default&#8221; header_level=&#8221;h2&#8243; header_font=&#8221;|700|||||||&#8221; header_text_align=&#8221;left&#8221; header_text_color=&#8221;#00b8e0&#8243; header_font_size=&#8221;30px&#8221; body_font_size=&#8221;16px&#8221; background_color=&#8221;#e6e6e6&#8243; custom_margin=&#8221;||0px||false|false&#8221; custom_padding=&#8221;20px|20px|20px||true|false&#8221; custom_padding_tablet=&#8221;20px|20px|20px||true|false&#8221; custom_padding_phone=&#8221;20px|10px|20px|0px|true|false&#8221; custom_padding_last_edited=&#8221;on|phone&#8221; animation=&#8221;off&#8221; module_alignment_tablet=&#8221;&#8221; module_alignment_phone=&#8221;center&#8221; module_alignment_last_edited=&#8221;on|phone&#8221; border_radii=&#8221;off|20px|20px||&#8221; global_colors_info=&#8221;{}&#8221;]<\/p>\n<p style=\"text-align: justify;\"><span>Us deixem amb enlla\u00e7os al BOE de les darreres convocat\u00f2ries perqu\u00e8 us feu una idea de com van anar per comen\u00e7ar ja a preparar-vos les properes a Innova, la millor acad\u00e8mia d&#8217;oposicions al Cos de Gesti\u00f3 de la Generalitat de Catalunya.<\/span><\/p>\n<p>[\/et_pb_blurb][et_pb_toggle title=&#8221;Veure convocat\u00f2ries anteriors&#8221; open_toggle_text_color=&#8221;#808080&#8243; open_toggle_background_color=&#8221;#FFFFFF&#8221; closed_toggle_text_color=&#8221;#FFFFFF&#8221; icon_color=&#8221;#FFFFFF&#8221; open_icon_color=&#8221;#00b8e0&#8243; _builder_version=&#8221;4.17.4&#8243; _module_preset=&#8221;default&#8221; title_text_color=&#8221;#FFFFFF&#8221; title_level=&#8221;h3&#8243; title_font=&#8221;|700|||||||&#8221; title_font_size=&#8221;24px&#8221; title_line_height=&#8221;1.2em&#8221; closed_title_font_size=&#8221;20px&#8221; body_font_size=&#8221;16px&#8221; background_color=&#8221;#00b8e0&#8243; custom_margin=&#8221;0px||||false|false&#8221; custom_padding=&#8221;||||false|false&#8221; border_radii=&#8221;off|||20px|20px&#8221; border_width_all=&#8221;3px&#8221; border_color_all=&#8221;#00b8e0&#8243; global_colors_info=&#8221;{}&#8221;]<\/p>\n<ul>\n<li><a href=\"https:\/\/dogc.gencat.cat\/es\/document-del-dogc\/?documentId=956797\" target=\"_blank\" rel=\"noopener\"><span>Convocat\u00f2ria 2023<\/span><\/a><\/li>\n<li><a href=\"https:\/\/dogc.gencat.cat\/ca\/document-del-dogc\/?documentId=916784\" target=\"_blank\" rel=\"noopener\"><span>Convocat\u00f2ria 2022<\/span><\/a><span><\/span><\/li>\n<\/ul>\n<p>[\/et_pb_toggle][\/et_pb_column][et_pb_column type=&#8221;1_5&#8243; _builder_version=&#8221;4.16&#8243; _module_preset=&#8221;default&#8221; global_colors_info=&#8221;{}&#8221;][\/et_pb_column][\/et_pb_row][\/et_pb_section][et_pb_section fb_built=&#8221;1&#8243; custom_padding_last_edited=&#8221;on|phone&#8221; disabled_on=&#8221;on|on|off&#8221; module_id=&#8221;Contactar&#8221; _builder_version=&#8221;4.18.0&#8243; _module_preset=&#8221;default&#8221; background_image=&#8221;https:\/\/www.centroinnova.net\/wp-content\/uploads\/2022\/09\/oposiciones-centro-innova-1.png&#8221; custom_margin=&#8221;||||false|false&#8221; custom_padding=&#8221;220px||||false|false&#8221; custom_padding_tablet=&#8221;&#8221; custom_padding_phone=&#8221;0px||||false|false&#8221; background_last_edited=&#8221;on|phone&#8221; background_image_phone=&#8221;https:\/\/www.centroinnova.net\/wp-content\/uploads\/2021\/05\/formulario-innova.jpg&#8221; background_enable_image_phone=&#8221;on&#8221; background_size_phone=&#8221;initial&#8221; saved_tabs=&#8221;all&#8221; global_colors_info=&#8221;{}&#8221;][et_pb_row column_structure=&#8221;2_3,1_3&#8243; use_custom_gutter=&#8221;on&#8221; gutter_width=&#8221;4&#8243; make_equal=&#8221;on&#8221; _builder_version=&#8221;4.18.0&#8243; _module_preset=&#8221;default&#8221; width_tablet=&#8221;&#8221; width_phone=&#8221;90%&#8221; width_last_edited=&#8221;on|desktop&#8221; max_width=&#8221;1157px&#8221; module_alignment=&#8221;center&#8221; custom_margin=&#8221;||||false|false&#8221; custom_padding=&#8221;119px||0px||false|false&#8221; global_colors_info=&#8221;{}&#8221;][et_pb_column type=&#8221;2_3&#8243; _builder_version=&#8221;4.18.0&#8243; _module_preset=&#8221;default&#8221; custom_padding=&#8221;|||86px|false|false&#8221; global_colors_info=&#8221;{}&#8221;][et_pb_text disabled_on=&#8221;on|on|off&#8221; _builder_version=&#8221;4.18.0&#8243; _module_preset=&#8221;default&#8221; text_font=&#8221;Raleway|900|||||||&#8221; text_text_color=&#8221;#FFFFFF&#8221; text_font_size=&#8221;78px&#8221; text_letter_spacing=&#8221;2px&#8221; text_line_height=&#8221;1.1em&#8221; header_2_font=&#8221;Raleway|900|||||||&#8221; header_2_text_align=&#8221;left&#8221; header_2_text_color=&#8221;#FFFFFF&#8221; header_2_font_size=&#8221;70px&#8221; header_2_letter_spacing=&#8221;3px&#8221; header_2_line_height=&#8221;1.2em&#8221; header_3_font=&#8221;Raleway|900|||||||&#8221; header_3_text_color=&#8221;#FFFFFF&#8221; header_3_font_size=&#8221;55px&#8221; width=&#8221;99.9%&#8221; custom_margin=&#8221;-55px|-10px|||false|false&#8221; custom_margin_tablet=&#8221;&#8221; custom_margin_phone=&#8221;0px||||false|false&#8221; custom_margin_last_edited=&#8221;on|phone&#8221; custom_padding=&#8221;0px||||false|false&#8221; text_font_size_tablet=&#8221;&#8221; text_font_size_phone=&#8221;&#8221; text_font_size_last_edited=&#8221;on|desktop&#8221; header_2_font_size_tablet=&#8221;&#8221; header_2_font_size_phone=&#8221;45px&#8221; header_2_font_size_last_edited=&#8221;on|phone&#8221; header_3_font_size_tablet=&#8221;&#8221; header_3_font_size_phone=&#8221;45px&#8221; header_3_font_size_last_edited=&#8221;on|phone&#8221; global_colors_info=&#8221;{}&#8221;]<\/p>\n<p style=\"text-align: left;\">\n<p style=\"text-align: left;\">\n<p style=\"text-align: left;\">Informa-te&#8217;n gratis i sense comprom\u00eds<\/p>\n<p>[\/et_pb_text][\/et_pb_column][et_pb_column type=&#8221;1_3&#8243; _builder_version=&#8221;4.18.0&#8243; _module_preset=&#8221;default&#8221; custom_padding=&#8221;|0px||0px|false|false&#8221; global_colors_info=&#8221;{}&#8221;][et_pb_code _builder_version=&#8221;4.24.0&#8243; _module_preset=&#8221;default&#8221; custom_margin=&#8221;-92px|||-75px|false|false&#8221; custom_margin_tablet=&#8221;&#8221; custom_margin_phone=&#8221;19px||||false|false&#8221; custom_margin_last_edited=&#8221;on|phone&#8221; global_colors_info=&#8221;{}&#8221;]<iframe loading=\"lazy\" src=\"https:\/\/www.centroinnova.net\/forms\/formpra_2.php\" width=\"400\" height=\"600\" frameborder=\"0\" scrolling=\"no\"><\/iframe>[\/et_pb_code][\/et_pb_column][\/et_pb_row][\/et_pb_section][et_pb_section fb_built=&#8221;1&#8243; custom_padding_last_edited=&#8221;on|phone&#8221; disabled_on=&#8221;off|off|on&#8221; module_id=&#8221;Contactar&#8221; _builder_version=&#8221;4.18.0&#8243; _module_preset=&#8221;default&#8221; background_image=&#8221;https:\/\/www.centroinnova.net\/wp-content\/uploads\/2022\/09\/informacion-oposiciones-centro-innova.png&#8221; custom_margin=&#8221;||||false|false&#8221; custom_padding=&#8221;220px||||false|false&#8221; custom_padding_tablet=&#8221;&#8221; custom_padding_phone=&#8221;0px||||false|false&#8221; background_last_edited=&#8221;on|phone&#8221; background_image_phone=&#8221;https:\/\/www.centroinnova.net\/wp-content\/uploads\/2022\/09\/oposiciones-centro-innova.png&#8221; background_enable_image_phone=&#8221;on&#8221; background_size_phone=&#8221;initial&#8221; saved_tabs=&#8221;all&#8221; locked=&#8221;off&#8221; global_colors_info=&#8221;{}&#8221;][et_pb_row use_custom_gutter=&#8221;on&#8221; gutter_width=&#8221;4&#8243; make_equal=&#8221;on&#8221; _builder_version=&#8221;4.18.0&#8243; _module_preset=&#8221;default&#8221; width_tablet=&#8221;&#8221; width_phone=&#8221;90%&#8221; width_last_edited=&#8221;on|desktop&#8221; max_width=&#8221;1157px&#8221; module_alignment=&#8221;center&#8221; custom_margin=&#8221;||||false|false&#8221; custom_padding=&#8221;119px||0px||false|false&#8221; global_colors_info=&#8221;{}&#8221;][et_pb_column type=&#8221;4_4&#8243; _builder_version=&#8221;4.18.0&#8243; _module_preset=&#8221;default&#8221; custom_padding=&#8221;|||86px|false|false&#8221; global_colors_info=&#8221;{}&#8221;][et_pb_code _builder_version=&#8221;4.24.0&#8243; _module_preset=&#8221;default&#8221; custom_margin=&#8221;-92px||||false|false&#8221; custom_margin_tablet=&#8221;&#8221; custom_margin_phone=&#8221;19px|||-83px|false|false&#8221; custom_margin_last_edited=&#8221;on|phone&#8221; global_colors_info=&#8221;{}&#8221;]<iframe loading=\"lazy\" src=\"https:\/\/www.centroinnova.net\/forms\/formpra_2.php\" width=\"400\" height=\"600\" frameborder=\"0\" scrolling=\"no\"><\/iframe>[\/et_pb_code][\/et_pb_column][\/et_pb_row][\/et_pb_section][et_pb_section fb_built=&#8221;1&#8243; disabled_on=&#8221;off|off|off&#8221; _builder_version=&#8221;4.16&#8243; custom_padding=&#8221;0px|0px|0px|0px|false|false&#8221; saved_tabs=&#8221;all&#8221; locked=&#8221;off&#8221; global_colors_info=&#8221;{}&#8221;][et_pb_row _builder_version=&#8221;4.18.0&#8243; background_size=&#8221;initial&#8221; background_position=&#8221;top_left&#8221; background_repeat=&#8221;repeat&#8221; custom_padding=&#8221;|0px||0px|false|false&#8221; global_colors_info=&#8221;{}&#8221;][et_pb_column type=&#8221;4_4&#8243; _builder_version=&#8221;4.16&#8243; custom_padding=&#8221;|||&#8221; global_colors_info=&#8221;{}&#8221; custom_padding__hover=&#8221;|||&#8221;][et_pb_toggle title=&#8221;COMPLIMENT LLEI DE PROTECCI\u00d3 DE DADES &#8211; RGPD&#8221; open_toggle_text_color=&#8221;#000000&#8243; open_toggle_background_color=&#8221;#ffffff&#8221; closed_toggle_text_color=&#8221;#000000&#8243; closed_toggle_background_color=&#8221;#ffffff&#8221; icon_color=&#8221;#00B2D8&#8243; open_icon_color=&#8221;#00B2D8&#8243; disabled_on=&#8221;off|off|off&#8221; _builder_version=&#8221;4.18.0&#8243; title_text_color=&#8221;#000000&#8243; body_text_color=&#8221;#000000&#8243; global_colors_info=&#8221;{}&#8221;]<\/p>\n<p>&nbsp;<\/p>\n<p>Responsable: Centro Innova SL CIF: B87545505<br \/>Finalitat: Proporcionar informaci\u00f3 sobre els nostres serveis.<br \/>Legitimaci\u00f3: Consentiment de linteressat.<br \/>Destinataris: No se cediran dades a tercers, excepte obligaci\u00f3 legal.<br \/>Drets: Accedir, rectificar, suprimir les dades i altres drets, com s&#8217;explica a la informaci\u00f3 addicional.<br \/>Informaci\u00f3 addicional: <a href=\"https:\/\/www.centroinnova.net\/aviso-legal\/\">Pol\u00edtica de privadesa i RGPD<\/a><\/p>\n<p>&nbsp;<\/p>\n<p>[\/et_pb_toggle][\/et_pb_column][\/et_pb_row][\/et_pb_section][et_pb_section fb_built=&#8221;1&#8243; custom_padding_last_edited=&#8221;on|phone&#8221; disabled_on=&#8221;on|on|on&#8221; _builder_version=&#8221;4.16&#8243; _module_preset=&#8221;default&#8221; custom_padding_tablet=&#8221;&#8221; custom_padding_phone=&#8221;||0px||false|false&#8221; disabled=&#8221;on&#8221; global_colors_info=&#8221;{}&#8221;][et_pb_row _builder_version=&#8221;4.16&#8243; _module_preset=&#8221;default&#8221; width_tablet=&#8221;&#8221; width_phone=&#8221;95%&#8221; width_last_edited=&#8221;on|phone&#8221; global_colors_info=&#8221;{}&#8221;][et_pb_column type=&#8221;4_4&#8243; _builder_version=&#8221;4.16&#8243; _module_preset=&#8221;default&#8221; global_colors_info=&#8221;{}&#8221;][et_pb_text _builder_version=&#8221;4.22.2&#8243; _module_preset=&#8221;default&#8221; header_font=&#8221;Raleway||||||||&#8221; header_text_align=&#8221;center&#8221; header_2_font=&#8221;Raleway|800|||||||&#8221; header_2_text_align=&#8221;center&#8221; header_2_text_color=&#8221;#808080&#8243; header_2_font_size=&#8221;50px&#8221; header_2_font_size_tablet=&#8221;&#8221; header_2_font_size_phone=&#8221;45px&#8221; header_2_font_size_last_edited=&#8221;on|phone&#8221; global_colors_info=&#8221;{}&#8221;]<\/p>\n<h2><span style=\"color: #00b8e0;\">T&#8217;informem<\/span><br \/>\nal moment<\/h2>\n<p>[\/et_pb_text][\/et_pb_column][\/et_pb_row][\/et_pb_section][et_pb_section fb_built=&#8221;1&#8243; custom_padding_last_edited=&#8221;on|phone&#8221; disabled_on=&#8221;on|on|on&#8221; admin_label=&#8221;Testimonials&#8221; _builder_version=&#8221;4.16&#8243; background_enable_color=&#8221;off&#8221; background_size=&#8221;initial&#8221; custom_padding=&#8221;14px|0px|54px|0px|false|false&#8221; custom_padding_tablet=&#8221;5%||5%||true&#8221; custom_padding_phone=&#8221;|||&#8221; bottom_divider_height=&#8221;200px&#8221; bottom_divider_flip=&#8221;horizontal&#8221; disabled=&#8221;on&#8221; global_colors_info=&#8221;{}&#8221;][et_pb_row custom_padding_last_edited=&#8221;on|phone&#8221; _builder_version=&#8221;4.16&#8243; custom_margin_tablet=&#8221;&#8221; custom_margin_phone=&#8221;||30px||false|false&#8221; custom_margin_last_edited=&#8221;on|phone&#8221; custom_padding_tablet=&#8221;&#8221; custom_padding_phone=&#8221;||||false|false&#8221; global_colors_info=&#8221;{}&#8221;][et_pb_column type=&#8221;4_4&#8243; _builder_version=&#8221;4.16&#8243; custom_padding=&#8221;|||&#8221; global_colors_info=&#8221;{}&#8221; custom_padding__hover=&#8221;|||&#8221;][et_pb_blog fullwidth=&#8221;off&#8221; posts_number=&#8221;3&#8243; include_categories=&#8221;78,63&#8243; show_more=&#8221;on&#8221; show_author=&#8221;off&#8221; show_categories=&#8221;off&#8221; _builder_version=&#8221;4.16&#8243; _module_preset=&#8221;default&#8221; header_font=&#8221;Raleway|700|||||||&#8221; header_text_color=&#8221;#808080&#8243; body_font=&#8221;Raleway||||||||&#8221; body_text_color=&#8221;#808080&#8243; read_more_font=&#8221;Raleway||||||||&#8221; read_more_text_color=&#8221;#00b8e0&#8243; pagination_font=&#8221;Raleway|700|||||||&#8221; pagination_text_color=&#8221;#00b8e0&#8243; pagination_font_size=&#8221;25px&#8221; border_radii=&#8221;on|20px|20px|20px|20px&#8221; box_shadow_style=&#8221;preset1&#8243; box_shadow_vertical=&#8221;0px&#8221; global_colors_info=&#8221;{}&#8221;][\/et_pb_blog][\/et_pb_column][\/et_pb_row][et_pb_row disabled_on=&#8221;on|on|on&#8221; _builder_version=&#8221;4.16&#8243; _module_preset=&#8221;default&#8221; disabled=&#8221;on&#8221; global_colors_info=&#8221;{}&#8221;][et_pb_column type=&#8221;4_4&#8243; _builder_version=&#8221;4.16&#8243; _module_preset=&#8221;default&#8221; global_colors_info=&#8221;{}&#8221;][et_pb_toggle title=&#8221;Subscriu-te per rebre el nostre butllet\u00ed de not\u00edcies d&apos;auxiliar administratiu de la Junta d&apos;Andalusia&#8221; open_toggle_background_color=&#8221;#FFFFFF&#8221; closed_toggle_background_color=&#8221;#ff858b&#8221; icon_color=&#8221;#FFFFFF&#8221; open_icon_color=&#8221;#FFFFFF&#8221; _builder_version=&#8221;4.19.0&#8243; title_text_color=&#8221;#ffffff&#8221; title_level=&#8221;h3&#8243; title_font=&#8221;|700|||||||&#8221; title_font_size=&#8221;20px&#8221; z_index_tablet=&#8221;500&#8243; border_radii=&#8221;on|20px|20px|20px|20px&#8221; saved_tabs=&#8221;all&#8221; global_colors_info=&#8221;{}&#8221;]<\/p>\n<p style=\"text-align: center;\"><iframe loading=\"lazy\" width=\"540\" height=\"305\" src=\"https:\/\/fda2b7cb.sibforms.com\/serve\/MUIEAMw4fEYxVz480De5t-AXDBoKuAZdPhrvyxr8AWbt_0PPGsdNtNDpvnmWrvO3_JSlevRCKQXNhOcOlM7wplLEX6gZKQ9o408JkqLSV3YDPF-47h7vDQ5jSdRslrYmX3cxrTHZ3rO_G0BbsIzcE8joC74LLfbk1OP5NvsiX7PtgrKgm5bycmLHdBNEhe-Ys0kHtsIl0pqJKiNd\" frameborder=\"0\" scrolling=\"auto\" allowfullscreen=\"\" style=\"display: block; margin-left: auto; margin-right: auto; max-width: 100%;\"><\/iframe><\/p>\n<p>[\/et_pb_toggle][\/et_pb_column][\/et_pb_row][\/et_pb_section]<\/p>\n<span class=\"et_bloom_bottom_trigger\"><\/span>","protected":false},"excerpt":{"rendered":"<p>Oposicions Administratiu de la Generalitat de CatalunyaConvocades 329 places Termini d&#8217;inscripci\u00f3 des del 21 de febrer fins al 19 de mar\u00e7 Enlla\u00e7 oficial Prepara&#8217;t amb Innovaacad\u00e8mia d&#8217;oposicions per aAdministratiu de la Generalitat de Catalunya Si vols seguir la teva vocaci\u00f3 i aconseguir una pla\u00e7a d&#8217; Administratiu de la Generalitat de Catalunya,\u00a0 nosaltres t&#8217;ajudem a aconseguir-ho. [&hellip;]<\/p>\n","protected":false},"author":5,"featured_media":36744,"parent":0,"menu_order":0,"comment_status":"closed","ping_status":"closed","template":"","meta":{"_et_pb_use_builder":"on","_et_pb_old_content":"","_et_gb_content_width":"","om_disable_all_campaigns":false,"_monsterinsights_skip_tracking":false,"_monsterinsights_sitenote_active":false,"_monsterinsights_sitenote_note":"","_monsterinsights_sitenote_category":0,"_uf_show_specific_survey":0,"_uf_disable_surveys":false,"footnotes":""},"class_list":["post-36743","page","type-page","status-publish","has-post-thumbnail","hentry"],"yoast_head":"<!-- This site is optimized with the Yoast SEO Premium plugin v23.7 (Yoast SEO v27.5) - https:\/\/yoast.com\/product\/yoast-seo-premium-wordpress\/ -->\n<title>Oposicions administratiu Generalitat Catalunya<\/title>\n<meta name=\"description\" content=\"Oposicions administratiu Generalitat Catalunya | Prepara aquestes oposicions a la millor acad\u00e8mia de Barcelona el 2024\" \/>\n<meta name=\"robots\" content=\"index, follow, max-snippet:-1, max-image-preview:large, max-video-preview:-1\" \/>\n<link rel=\"canonical\" href=\"https:\/\/www.centroinnova.net\/ca\/oposicions-administratiu-generalitat-catalunya\/\" \/>\n<meta property=\"og:locale\" content=\"ca_ES\" \/>\n<meta property=\"og:type\" content=\"article\" \/>\n<meta property=\"og:title\" content=\"Oposicions Administratiu Generalitat Catalunya\" \/>\n<meta property=\"og:url\" content=\"https:\/\/www.centroinnova.net\/ca\/oposicions-administratiu-generalitat-catalunya\/\" \/>\n<meta property=\"og:site_name\" content=\"academia de oposiciones en Madrid | Centro Innova\" \/>\n<meta property=\"article:publisher\" content=\"https:\/\/www.facebook.com\/InnovaAcademiaOposiciones\" \/>\n<meta property=\"article:modified_time\" content=\"2024-03-11T20:39:35+00:00\" \/>\n<meta property=\"og:image\" content=\"https:\/\/www.centroinnova.net\/wp-content\/uploads\/2023\/10\/Auxiliar-administrativo-de-la-Junta-de-Andalucia.png\" \/>\n\t<meta property=\"og:image:width\" content=\"600\" \/>\n\t<meta property=\"og:image:height\" content=\"340\" \/>\n\t<meta property=\"og:image:type\" content=\"image\/png\" \/>\n<meta name=\"twitter:card\" content=\"summary_large_image\" \/>\n<meta name=\"twitter:site\" content=\"@InnovaOposicion\" \/>\n<meta name=\"twitter:label1\" content=\"Temps estimat de lectura\" \/>\n\t<meta name=\"twitter:data1\" content=\"7 minuts\" \/>\n<script type=\"application\/ld+json\" class=\"yoast-schema-graph\">{\"@context\":\"https:\\\/\\\/schema.org\",\"@graph\":[{\"@type\":\"WebPage\",\"@id\":\"https:\\\/\\\/www.centroinnova.net\\\/ca\\\/oposicions-administratiu-generalitat-catalunya\\\/\",\"url\":\"https:\\\/\\\/www.centroinnova.net\\\/ca\\\/oposicions-administratiu-generalitat-catalunya\\\/\",\"name\":\"Oposicions administratiu Generalitat Catalunya\",\"isPartOf\":{\"@id\":\"https:\\\/\\\/www.centroinnova.net\\\/ca\\\/#website\"},\"primaryImageOfPage\":{\"@id\":\"https:\\\/\\\/www.centroinnova.net\\\/ca\\\/oposicions-administratiu-generalitat-catalunya\\\/#primaryimage\"},\"image\":{\"@id\":\"https:\\\/\\\/www.centroinnova.net\\\/ca\\\/oposicions-administratiu-generalitat-catalunya\\\/#primaryimage\"},\"thumbnailUrl\":\"https:\\\/\\\/www.centroinnova.net\\\/wp-content\\\/uploads\\\/2023\\\/10\\\/Auxiliar-administrativo-de-la-Junta-de-Andalucia.png\",\"datePublished\":\"2024-01-29T10:06:40+00:00\",\"dateModified\":\"2024-03-11T20:39:35+00:00\",\"description\":\"Oposicions administratiu Generalitat Catalunya | Prepara aquestes oposicions a la millor acad\u00e8mia de Barcelona el 2024\",\"breadcrumb\":{\"@id\":\"https:\\\/\\\/www.centroinnova.net\\\/ca\\\/oposicions-administratiu-generalitat-catalunya\\\/#breadcrumb\"},\"inLanguage\":\"ca\",\"potentialAction\":[{\"@type\":\"ReadAction\",\"target\":[\"https:\\\/\\\/www.centroinnova.net\\\/ca\\\/oposicions-administratiu-generalitat-catalunya\\\/\"]}]},{\"@type\":\"ImageObject\",\"inLanguage\":\"ca\",\"@id\":\"https:\\\/\\\/www.centroinnova.net\\\/ca\\\/oposicions-administratiu-generalitat-catalunya\\\/#primaryimage\",\"url\":\"https:\\\/\\\/www.centroinnova.net\\\/wp-content\\\/uploads\\\/2023\\\/10\\\/Auxiliar-administrativo-de-la-Junta-de-Andalucia.png\",\"contentUrl\":\"https:\\\/\\\/www.centroinnova.net\\\/wp-content\\\/uploads\\\/2023\\\/10\\\/Auxiliar-administrativo-de-la-Junta-de-Andalucia.png\",\"width\":600,\"height\":340},{\"@type\":\"BreadcrumbList\",\"@id\":\"https:\\\/\\\/www.centroinnova.net\\\/ca\\\/oposicions-administratiu-generalitat-catalunya\\\/#breadcrumb\",\"itemListElement\":[{\"@type\":\"ListItem\",\"position\":1,\"name\":\"Inicio\",\"item\":\"https:\\\/\\\/www.centroinnova.net\\\/ca\\\/\"},{\"@type\":\"ListItem\",\"position\":2,\"name\":\"Oposicions Administratiu Generalitat Catalunya\"}]},{\"@type\":\"WebSite\",\"@id\":\"https:\\\/\\\/www.centroinnova.net\\\/ca\\\/#website\",\"url\":\"https:\\\/\\\/www.centroinnova.net\\\/ca\\\/\",\"name\":\"academia de oposiciones en Madrid | Centro Innova\",\"description\":\"academia de oposiciones en Madrid | Sevilla | Santiago\",\"potentialAction\":[{\"@type\":\"SearchAction\",\"target\":{\"@type\":\"EntryPoint\",\"urlTemplate\":\"https:\\\/\\\/www.centroinnova.net\\\/ca\\\/?s={search_term_string}\"},\"query-input\":{\"@type\":\"PropertyValueSpecification\",\"valueRequired\":true,\"valueName\":\"search_term_string\"}}],\"inLanguage\":\"ca\"}]}<\/script>\n<!-- \/ Yoast SEO Premium plugin. -->","yoast_head_json":{"title":"Oposicions administratiu Generalitat Catalunya","description":"Oposicions administratiu Generalitat Catalunya | Prepara aquestes oposicions a la millor acad\u00e8mia de Barcelona el 2024","robots":{"index":"index","follow":"follow","max-snippet":"max-snippet:-1","max-image-preview":"max-image-preview:large","max-video-preview":"max-video-preview:-1"},"canonical":"https:\/\/www.centroinnova.net\/ca\/oposicions-administratiu-generalitat-catalunya\/","og_locale":"ca_ES","og_type":"article","og_title":"Oposicions Administratiu Generalitat Catalunya","og_url":"https:\/\/www.centroinnova.net\/ca\/oposicions-administratiu-generalitat-catalunya\/","og_site_name":"academia de oposiciones en Madrid | Centro Innova","article_publisher":"https:\/\/www.facebook.com\/InnovaAcademiaOposiciones","article_modified_time":"2024-03-11T20:39:35+00:00","og_image":[{"width":600,"height":340,"url":"https:\/\/www.centroinnova.net\/wp-content\/uploads\/2023\/10\/Auxiliar-administrativo-de-la-Junta-de-Andalucia.png","type":"image\/png"}],"twitter_card":"summary_large_image","twitter_site":"@InnovaOposicion","twitter_misc":{"Temps estimat de lectura":"7 minuts"},"schema":{"@context":"https:\/\/schema.org","@graph":[{"@type":"WebPage","@id":"https:\/\/www.centroinnova.net\/ca\/oposicions-administratiu-generalitat-catalunya\/","url":"https:\/\/www.centroinnova.net\/ca\/oposicions-administratiu-generalitat-catalunya\/","name":"Oposicions administratiu Generalitat Catalunya","isPartOf":{"@id":"https:\/\/www.centroinnova.net\/ca\/#website"},"primaryImageOfPage":{"@id":"https:\/\/www.centroinnova.net\/ca\/oposicions-administratiu-generalitat-catalunya\/#primaryimage"},"image":{"@id":"https:\/\/www.centroinnova.net\/ca\/oposicions-administratiu-generalitat-catalunya\/#primaryimage"},"thumbnailUrl":"https:\/\/www.centroinnova.net\/wp-content\/uploads\/2023\/10\/Auxiliar-administrativo-de-la-Junta-de-Andalucia.png","datePublished":"2024-01-29T10:06:40+00:00","dateModified":"2024-03-11T20:39:35+00:00","description":"Oposicions administratiu Generalitat Catalunya | Prepara aquestes oposicions a la millor acad\u00e8mia de Barcelona el 2024","breadcrumb":{"@id":"https:\/\/www.centroinnova.net\/ca\/oposicions-administratiu-generalitat-catalunya\/#breadcrumb"},"inLanguage":"ca","potentialAction":[{"@type":"ReadAction","target":["https:\/\/www.centroinnova.net\/ca\/oposicions-administratiu-generalitat-catalunya\/"]}]},{"@type":"ImageObject","inLanguage":"ca","@id":"https:\/\/www.centroinnova.net\/ca\/oposicions-administratiu-generalitat-catalunya\/#primaryimage","url":"https:\/\/www.centroinnova.net\/wp-content\/uploads\/2023\/10\/Auxiliar-administrativo-de-la-Junta-de-Andalucia.png","contentUrl":"https:\/\/www.centroinnova.net\/wp-content\/uploads\/2023\/10\/Auxiliar-administrativo-de-la-Junta-de-Andalucia.png","width":600,"height":340},{"@type":"BreadcrumbList","@id":"https:\/\/www.centroinnova.net\/ca\/oposicions-administratiu-generalitat-catalunya\/#breadcrumb","itemListElement":[{"@type":"ListItem","position":1,"name":"Inicio","item":"https:\/\/www.centroinnova.net\/ca\/"},{"@type":"ListItem","position":2,"name":"Oposicions Administratiu Generalitat Catalunya"}]},{"@type":"WebSite","@id":"https:\/\/www.centroinnova.net\/ca\/#website","url":"https:\/\/www.centroinnova.net\/ca\/","name":"academia de oposiciones en Madrid | Centro Innova","description":"academia de oposiciones en Madrid | Sevilla | Santiago","potentialAction":[{"@type":"SearchAction","target":{"@type":"EntryPoint","urlTemplate":"https:\/\/www.centroinnova.net\/ca\/?s={search_term_string}"},"query-input":{"@type":"PropertyValueSpecification","valueRequired":true,"valueName":"search_term_string"}}],"inLanguage":"ca"}]}},"_links":{"self":[{"href":"https:\/\/www.centroinnova.net\/ca\/wp-json\/wp\/v2\/pages\/36743","targetHints":{"allow":["GET"]}}],"collection":[{"href":"https:\/\/www.centroinnova.net\/ca\/wp-json\/wp\/v2\/pages"}],"about":[{"href":"https:\/\/www.centroinnova.net\/ca\/wp-json\/wp\/v2\/types\/page"}],"author":[{"embeddable":true,"href":"https:\/\/www.centroinnova.net\/ca\/wp-json\/wp\/v2\/users\/5"}],"replies":[{"embeddable":true,"href":"https:\/\/www.centroinnova.net\/ca\/wp-json\/wp\/v2\/comments?post=36743"}],"version-history":[{"count":10,"href":"https:\/\/www.centroinnova.net\/ca\/wp-json\/wp\/v2\/pages\/36743\/revisions"}],"predecessor-version":[{"id":39167,"href":"https:\/\/www.centroinnova.net\/ca\/wp-json\/wp\/v2\/pages\/36743\/revisions\/39167"}],"wp:featuredmedia":[{"embeddable":true,"href":"https:\/\/www.centroinnova.net\/ca\/wp-json\/wp\/v2\/media\/36744"}],"wp:attachment":[{"href":"https:\/\/www.centroinnova.net\/ca\/wp-json\/wp\/v2\/media?parent=36743"}],"curies":[{"name":"wp","href":"https:\/\/api.w.org\/{rel}","templated":true}]}}